{"id":115,"date":"2016-05-25T08:16:35","date_gmt":"2016-05-25T06:16:35","guid":{"rendered":"http:\/\/saumaize-michelin.com\/?page_id=115"},"modified":"2023-12-19T18:41:08","modified_gmt":"2023-12-19T17:41:08","slug":"saint-veran-village","status":"publish","type":"page","link":"https:\/\/saumaize-michelin.com\/index.php\/fr\/deguster-macon-village-saint-veran-pouilly-fuisse-chardonnay-gamay-saumaize-michelin-vergisson-vin-de-bourgogne\/saint-veran\/saint-veran-village\/","title":{"rendered":"Saint-V\u00e9ran Village"},"content":{"rendered":"<p>Assemblage de deux parcelles : la premi\u00e8re sur la marne sur la commune de Davay\u00e9 et la seconde sur le calcaire dur dans le revers de la Roche de Vergisson. Le vin, issu de vignes de 15 ans d&rsquo;\u00e2ge moyen, est vinifi\u00e9 pour moiti\u00e9 en cuve et pour moiti\u00e9 en f\u00fbt. Il offre une expression florale des <a href=\"http:\/\/saint-veran-bourgogne.com\/le-vignoble-cru-saint-veran\/\">Saint-V\u00e9ran<\/a> de ce secteur.<\/p>\n<p><a href=\"https:\/\/i0.wp.com\/saumaize-michelin.com\/wp-content\/uploads\/2020\/05\/saumaize-michelein-saint-veran-2-scaled.jpg?ssl=1\"><img loading=\"lazy\" decoding=\"async\" class=\"aligncenter wp-image-914 size-medium\" src=\"https:\/\/i0.wp.com\/saumaize-michelin.com\/wp-content\/uploads\/2020\/05\/saumaize-michelein-saint-veran-2.jpg?resize=200%2C300&#038;ssl=1\" alt=\"Saint V\u00e9ran Vin Bourgogne Saumaize Michelin Chardonnay\" width=\"200\" height=\"300\" srcset=\"https:\/\/i0.wp.com\/saumaize-michelin.com\/wp-content\/uploads\/2020\/05\/saumaize-michelein-saint-veran-2-scaled.jpg?resize=200%2C300&amp;ssl=1 200w, https:\/\/i0.wp.com\/saumaize-michelin.com\/wp-content\/uploads\/2020\/05\/saumaize-michelein-saint-veran-2-scaled.jpg?resize=683%2C1024&amp;ssl=1 683w, https:\/\/i0.wp.com\/saumaize-michelin.com\/wp-content\/uploads\/2020\/05\/saumaize-michelein-saint-veran-2-scaled.jpg?resize=768%2C1151&amp;ssl=1 768w, https:\/\/i0.wp.com\/saumaize-michelin.com\/wp-content\/uploads\/2020\/05\/saumaize-michelein-saint-veran-2-scaled.jpg?resize=1025%2C1536&amp;ssl=1 1025w, https:\/\/i0.wp.com\/saumaize-michelin.com\/wp-content\/uploads\/2020\/05\/saumaize-michelein-saint-veran-2-scaled.jpg?resize=1367%2C2048&amp;ssl=1 1367w, https:\/\/i0.wp.com\/saumaize-michelin.com\/wp-content\/uploads\/2020\/05\/saumaize-michelein-saint-veran-2-scaled.jpg?resize=830%2C1244&amp;ssl=1 830w, https:\/\/i0.wp.com\/saumaize-michelin.com\/wp-content\/uploads\/2020\/05\/saumaize-michelein-saint-veran-2-scaled.jpg?resize=230%2C345&amp;ssl=1 230w, https:\/\/i0.wp.com\/saumaize-michelin.com\/wp-content\/uploads\/2020\/05\/saumaize-michelein-saint-veran-2-scaled.jpg?resize=350%2C524&amp;ssl=1 350w, https:\/\/i0.wp.com\/saumaize-michelin.com\/wp-content\/uploads\/2020\/05\/saumaize-michelein-saint-veran-2-scaled.jpg?resize=480%2C719&amp;ssl=1 480w, https:\/\/i0.wp.com\/saumaize-michelin.com\/wp-content\/uploads\/2020\/05\/saumaize-michelein-saint-veran-2-scaled.jpg?w=1709&amp;ssl=1 1709w\" sizes=\"(max-width: 200px) 100vw, 200px\" data-recalc-dims=\"1\" \/><\/a><\/p>\n\n\n<p class=\"has-text-align-right\"><\/p>\n","protected":false},"excerpt":{"rendered":"<p>Assemblage de deux parcelles : la premi\u00e8re sur la marne sur la commune de Davay\u00e9 et la seconde sur le calcaire dur [&hellip;]<\/p>\n","protected":false},"author":3,"featured_media":0,"parent":26,"menu_order":2,"comment_status":"closed","ping_status":"closed","template":"","meta":{"footnotes":""},"jetpack_sharing_enabled":true,"_links":{"self":[{"href":"https:\/\/saumaize-michelin.com\/index.php\/wp-json\/wp\/v2\/pages\/115"}],"collection":[{"href":"https:\/\/saumaize-michelin.com\/index.php\/wp-json\/wp\/v2\/pages"}],"about":[{"href":"https:\/\/saumaize-michelin.com\/index.php\/wp-json\/wp\/v2\/types\/page"}],"author":[{"embeddable":true,"href":"https:\/\/saumaize-michelin.com\/index.php\/wp-json\/wp\/v2\/users\/3"}],"replies":[{"embeddable":true,"href":"https:\/\/saumaize-michelin.com\/index.php\/wp-json\/wp\/v2\/comments?post=115"}],"version-history":[{"count":6,"href":"https:\/\/saumaize-michelin.com\/index.php\/wp-json\/wp\/v2\/pages\/115\/revisions"}],"predecessor-version":[{"id":1165,"href":"https:\/\/saumaize-michelin.com\/index.php\/wp-json\/wp\/v2\/pages\/115\/revisions\/1165"}],"up":[{"embeddable":true,"href":"https:\/\/saumaize-michelin.com\/index.php\/wp-json\/wp\/v2\/pages\/26"}],"wp:attachment":[{"href":"https:\/\/saumaize-michelin.com\/index.php\/wp-json\/wp\/v2\/media?parent=115"}],"curies":[{"name":"wp","href":"https:\/\/api.w.org\/{rel}","templated":true}]}}