{"id":26,"date":"2016-05-23T10:02:59","date_gmt":"2016-05-23T08:02:59","guid":{"rendered":"http:\/\/saumaize-michelin.com\/?page_id=26"},"modified":"2020-11-17T14:03:32","modified_gmt":"2020-11-17T13:03:32","slug":"saint-veran","status":"publish","type":"page","link":"https:\/\/saumaize-michelin.com\/index.php\/fr\/deguster-macon-village-saint-veran-pouilly-fuisse-chardonnay-gamay-saumaize-michelin-vergisson-vin-de-bourgogne\/saint-veran\/","title":{"rendered":"Saint-V\u00e9ran"},"content":{"rendered":"\n<figure class=\"wp-block-gallery columns-2 is-cropped wp-block-gallery-1 is-layout-flex wp-block-gallery-is-layout-flex\"><ul class=\"blocks-gallery-grid\"><li class=\"blocks-gallery-item\"><figure><img loading=\"lazy\" decoding=\"async\" width=\"683\" height=\"1024\" src=\"https:\/\/i0.wp.com\/saumaize-michelin.com\/wp-content\/uploads\/2020\/05\/saumaize-michelein-saint-veran-2.jpg?resize=683%2C1024&#038;ssl=1\" alt=\"\" data-id=\"914\" data-full-url=\"https:\/\/saumaize-michelin.com\/wp-content\/uploads\/2020\/05\/saumaize-michelein-saint-veran-2-scaled.jpg\" data-link=\"https:\/\/saumaize-michelin.com\/index.php\/fr\/deguster\/saumaize-michelein-saint-veran-2\/\" class=\"wp-image-914\" srcset=\"https:\/\/i0.wp.com\/saumaize-michelin.com\/wp-content\/uploads\/2020\/05\/saumaize-michelein-saint-veran-2-scaled.jpg?resize=683%2C1024&amp;ssl=1 683w, https:\/\/i0.wp.com\/saumaize-michelin.com\/wp-content\/uploads\/2020\/05\/saumaize-michelein-saint-veran-2-scaled.jpg?resize=200%2C300&amp;ssl=1 200w, https:\/\/i0.wp.com\/saumaize-michelin.com\/wp-content\/uploads\/2020\/05\/saumaize-michelein-saint-veran-2-scaled.jpg?resize=768%2C1151&amp;ssl=1 768w, https:\/\/i0.wp.com\/saumaize-michelin.com\/wp-content\/uploads\/2020\/05\/saumaize-michelein-saint-veran-2-scaled.jpg?resize=1025%2C1536&amp;ssl=1 1025w, https:\/\/i0.wp.com\/saumaize-michelin.com\/wp-content\/uploads\/2020\/05\/saumaize-michelein-saint-veran-2-scaled.jpg?resize=1367%2C2048&amp;ssl=1 1367w, https:\/\/i0.wp.com\/saumaize-michelin.com\/wp-content\/uploads\/2020\/05\/saumaize-michelein-saint-veran-2-scaled.jpg?resize=830%2C1244&amp;ssl=1 830w, https:\/\/i0.wp.com\/saumaize-michelin.com\/wp-content\/uploads\/2020\/05\/saumaize-michelein-saint-veran-2-scaled.jpg?resize=230%2C345&amp;ssl=1 230w, https:\/\/i0.wp.com\/saumaize-michelin.com\/wp-content\/uploads\/2020\/05\/saumaize-michelein-saint-veran-2-scaled.jpg?resize=350%2C524&amp;ssl=1 350w, https:\/\/i0.wp.com\/saumaize-michelin.com\/wp-content\/uploads\/2020\/05\/saumaize-michelein-saint-veran-2-scaled.jpg?resize=480%2C719&amp;ssl=1 480w, https:\/\/i0.wp.com\/saumaize-michelin.com\/wp-content\/uploads\/2020\/05\/saumaize-michelein-saint-veran-2-scaled.jpg?w=1709&amp;ssl=1 1709w\" sizes=\"(max-width: 683px) 100vw, 683px\" data-recalc-dims=\"1\" \/><figcaption class=\"blocks-gallery-item__caption\"><a href=\"https:\/\/saumaize-michelin.com\/index.php\/deguster\/saint-veran\/saint-veran-village\/\">Saint-V\u00e9ran Village<\/a><\/figcaption><\/figure><\/li><li class=\"blocks-gallery-item\"><figure><img loading=\"lazy\" decoding=\"async\" width=\"683\" height=\"1024\" src=\"https:\/\/i0.wp.com\/saumaize-michelin.com\/wp-content\/uploads\/2020\/05\/saumaize-michelein-saint-veran-les-creches-2.jpg?resize=683%2C1024&#038;ssl=1\" alt=\"\" data-id=\"913\" data-full-url=\"https:\/\/saumaize-michelin.com\/wp-content\/uploads\/2020\/05\/saumaize-michelein-saint-veran-les-creches-2-scaled.jpg\" data-link=\"https:\/\/saumaize-michelin.com\/index.php\/fr\/deguster\/saumaize-michelein-saint-veran-les-creches-2\/\" class=\"wp-image-913\" srcset=\"https:\/\/i0.wp.com\/saumaize-michelin.com\/wp-content\/uploads\/2020\/05\/saumaize-michelein-saint-veran-les-creches-2-scaled.jpg?resize=683%2C1024&amp;ssl=1 683w, https:\/\/i0.wp.com\/saumaize-michelin.com\/wp-content\/uploads\/2020\/05\/saumaize-michelein-saint-veran-les-creches-2-scaled.jpg?resize=200%2C300&amp;ssl=1 200w, https:\/\/i0.wp.com\/saumaize-michelin.com\/wp-content\/uploads\/2020\/05\/saumaize-michelein-saint-veran-les-creches-2-scaled.jpg?resize=768%2C1151&amp;ssl=1 768w, https:\/\/i0.wp.com\/saumaize-michelin.com\/wp-content\/uploads\/2020\/05\/saumaize-michelein-saint-veran-les-creches-2-scaled.jpg?resize=1025%2C1536&amp;ssl=1 1025w, https:\/\/i0.wp.com\/saumaize-michelin.com\/wp-content\/uploads\/2020\/05\/saumaize-michelein-saint-veran-les-creches-2-scaled.jpg?resize=1367%2C2048&amp;ssl=1 1367w, https:\/\/i0.wp.com\/saumaize-michelin.com\/wp-content\/uploads\/2020\/05\/saumaize-michelein-saint-veran-les-creches-2-scaled.jpg?resize=830%2C1244&amp;ssl=1 830w, https:\/\/i0.wp.com\/saumaize-michelin.com\/wp-content\/uploads\/2020\/05\/saumaize-michelein-saint-veran-les-creches-2-scaled.jpg?resize=230%2C345&amp;ssl=1 230w, https:\/\/i0.wp.com\/saumaize-michelin.com\/wp-content\/uploads\/2020\/05\/saumaize-michelein-saint-veran-les-creches-2-scaled.jpg?resize=350%2C524&amp;ssl=1 350w, https:\/\/i0.wp.com\/saumaize-michelin.com\/wp-content\/uploads\/2020\/05\/saumaize-michelein-saint-veran-les-creches-2-scaled.jpg?resize=480%2C719&amp;ssl=1 480w, https:\/\/i0.wp.com\/saumaize-michelin.com\/wp-content\/uploads\/2020\/05\/saumaize-michelein-saint-veran-les-creches-2-scaled.jpg?w=1709&amp;ssl=1 1709w\" sizes=\"(max-width: 683px) 100vw, 683px\" data-recalc-dims=\"1\" \/><figcaption class=\"blocks-gallery-item__caption\"><a href=\"https:\/\/saumaize-michelin.com\/index.php\/deguster\/saint-veran\/les-creches\/\">Saint-V\u00e9ran Les Cr\u00e8ches<\/a><\/figcaption><\/figure><\/li><\/ul><\/figure>\n\n\n\n<p>Au sud du M\u00e2connais, au c\u0153ur de la Bourgogne,&nbsp;<a rel=\"noreferrer noopener\" href=\"http:\/\/saint-veran-bourgogne.com\/le-vignoble-cru-saint-veran\/\" target=\"_blank\">le cru Saint-V\u00e9ran<\/a> b\u00e9n\u00e9ficie d&rsquo;une situation g\u00e9ographique exceptionnelle, au carrefour de trois r\u00e9gions gastronomiques que sont la Bourgogne, le Beaujolais et la Bresse. Le Cru Saint-V\u00e9ran,&nbsp;a vu le jour en 1971, dans un climat semi-continental g\u00e9n\u00e9reux en soleil lui conf\u00e9rant richesse et caract\u00e8re et sur des sols argilo-calcaires parfaitement adapt\u00e9s \u00e0 la&nbsp;finesse du Chardonnay sur 723 hectares.<\/p>\n\n\n\n<p class=\"has-text-align-right\"><a rel=\"noreferrer noopener\" href=\"https:\/\/www.restonsenvigne.fr\/domaines\/domaine-saumaize-michelin\/\" target=\"_blank\"><span class=\"has-inline-color has-vivid-green-cyan-color\">\ud83d\uded2<\/span><\/a><\/p>\n","protected":false},"excerpt":{"rendered":"<p>Au sud du M\u00e2connais, au c\u0153ur de la Bourgogne,&nbsp;le cru Saint-V\u00e9ran b\u00e9n\u00e9ficie d&rsquo;une situation g\u00e9ographique exceptionnelle, au carrefour de trois r\u00e9gions gastronomiques [&hellip;]<\/p>\n","protected":false},"author":3,"featured_media":0,"parent":18,"menu_order":2,"comment_status":"closed","ping_status":"closed","template":"","meta":{"footnotes":""},"jetpack_sharing_enabled":true,"_links":{"self":[{"href":"https:\/\/saumaize-michelin.com\/index.php\/wp-json\/wp\/v2\/pages\/26"}],"collection":[{"href":"https:\/\/saumaize-michelin.com\/index.php\/wp-json\/wp\/v2\/pages"}],"about":[{"href":"https:\/\/saumaize-michelin.com\/index.php\/wp-json\/wp\/v2\/types\/page"}],"author":[{"embeddable":true,"href":"https:\/\/saumaize-michelin.com\/index.php\/wp-json\/wp\/v2\/users\/3"}],"replies":[{"embeddable":true,"href":"https:\/\/saumaize-michelin.com\/index.php\/wp-json\/wp\/v2\/comments?post=26"}],"version-history":[{"count":5,"href":"https:\/\/saumaize-michelin.com\/index.php\/wp-json\/wp\/v2\/pages\/26\/revisions"}],"predecessor-version":[{"id":1047,"href":"https:\/\/saumaize-michelin.com\/index.php\/wp-json\/wp\/v2\/pages\/26\/revisions\/1047"}],"up":[{"embeddable":true,"href":"https:\/\/saumaize-michelin.com\/index.php\/wp-json\/wp\/v2\/pages\/18"}],"wp:attachment":[{"href":"https:\/\/saumaize-michelin.com\/index.php\/wp-json\/wp\/v2\/media?parent=26"}],"curies":[{"name":"wp","href":"https:\/\/api.w.org\/{rel}","templated":true}]}}